{"id":1168,"date":"2014-10-13T19:58:48","date_gmt":"2014-10-13T19:58:48","guid":{"rendered":"https:\/\/manelqueralt.net\/?post_type=project&#038;p=1168"},"modified":"2023-12-13T20:56:14","modified_gmt":"2023-12-13T19:56:14","slug":"excretoria-3","status":"publish","type":"project","link":"https:\/\/manelqueralt.net\/en\/project\/excretoria-3\/","title":{"rendered":"Excret\u00f2ria"},"content":{"rendered":"<p>[et_pb_section fullwidth=&#8221;off&#8221; specialty=&#8221;off&#8221;][et_pb_row][et_pb_column type=&#8221;2_3&#8243;][et_pb_text admin_label=&#8221;Text&#8221; background_layout=&#8221;light&#8221; text_orientation=&#8221;left&#8221;]<\/p>\n<h2>Excret\u00f2ria<\/h2>\n<p>[\/et_pb_text][et_pb_image admin_label=&#8221;Image&#8221; src=&#8221;https:\/\/manelqueralt.net\/wp-content\/uploads\/2015\/05\/CINE_Cara_795x597.jpg&#8221; alt=&#8221;Pintura de Lola Sandoval&#8221; show_in_lightbox=&#8221;on&#8221; url_new_window=&#8221;off&#8221; animation=&#8221;left&#8221; sticky=&#8221;off&#8221; title_text=&#8221;Pintura de Lola Sandoval&#8221; \/][et_pb_text admin_label=&#8221;Text&#8221; background_layout=&#8221;light&#8221; text_orientation=&#8221;left&#8221; \/][et_pb_testimonial admin_label=&#8221;Testimonial&#8221; url_new_window=&#8221;on&#8221; quote_icon=&#8221;on&#8221; use_background_color=&#8221;on&#8221; background_color=&#8221;#f5f5f5&#8243; background_layout=&#8221;light&#8221; text_orientation=&#8221;left&#8221;]<\/p>\n<p style=\"text-align: center;\">(<strong>Verses in Catalan<\/strong>)<\/p>\n<p style=\"text-align: center;\">\u00c9s gr\u00e0cies a una relaci\u00f3\/ passional que el nad\u00f3 sent l&#8217;amor\/ intens de la mare, per\u00f2 aquesta \u00e9s\/ la ra\u00f3 per la qual quan sigui gran\/ sentir\u00e0 una nost\u00e0lgia estranya\/ -torbadora per irrecognoscible-\/ d&#8217;aquell exc\u00e9s de manyagues i plers\/ experimentats en primers contactes.\/ El desassossec l&#8217;envair\u00e0 davant\/ la idea que en reviure lligams\/ similars podria tornar a sentir\/ el dolor que la passi\u00f3 impos\u00e0\/ en l&#8217;instant de la separaci\u00f3.\/ Aquell sentiment dif\u00fas de mancan\u00e7a,\/ enquistat en l&#8217;ess\u00e8ncia del viure,\/ es far\u00e0 punyent amb el pas del temps\/ i a partir d&#8217;un dia indeterminat,\/ i gaireb\u00e9 de forma imperceptible,\/ esdevindr\u00e0, d&#8217;amor, un etern captaire.<\/p>\n<p>[\/et_pb_testimonial][et_pb_blurb admin_label=&#8221;Blurb&#8221; title=&#8221;Read online PDF&#8221; url_new_window=&#8221;on&#8221; use_icon=&#8221;on&#8221; font_icon=&#8221;\ue086&#8221; icon_color=&#8221;#ffffff&#8221; use_circle=&#8221;on&#8221; circle_color=&#8221;#8c4600&#8243; use_circle_border=&#8221;off&#8221; circle_border_color=&#8221;#8c4600&#8243; icon_placement=&#8221;top&#8221; animation=&#8221;top&#8221; background_layout=&#8221;light&#8221; text_orientation=&#8221;center&#8221; url=&#8221;https:\/\/manelqueralt.net\/wp-content\/uploads\/2018\/03\/WEB_Emboscall_Biblioteca_MQ_CAT_12_Excretoria.pdf&#8221;]<\/p>\n<p>in Catalan<\/p>\n<p>[\/et_pb_blurb][et_pb_text admin_label=&#8221;Text&#8221; background_layout=&#8221;light&#8221; text_orientation=&#8221;left&#8221; \/][\/et_pb_column][et_pb_column type=&#8221;1_3&#8243;][et_pb_sidebar admin_label=&#8221;Sidebar&#8221; orientation=&#8221;left&#8221; area=&#8221;et_pb_widget_area_3&#8243; background_layout=&#8221;light&#8221; \/][\/et_pb_column][\/et_pb_row][et_pb_row][et_pb_column type=&#8221;1_3&#8243;][\/et_pb_column][et_pb_column type=&#8221;1_3&#8243;][\/et_pb_column][et_pb_column type=&#8221;1_3&#8243;][\/et_pb_column][\/et_pb_row][\/et_pb_section]<\/p>\n","protected":false},"excerpt":{"rendered":"<p><div class=\"et_pb_row et_pb_row_0 et_pb_row_empty\">\n\t\t\t\t\n\t\t\t\t\n\t\t\t\t\n\t\t\t\t\n\t\t\t\t\n\t\t\t<\/div> Excret\u00f2ria (Verses in Catalan) \u00c9s gr\u00e0cies a una relaci\u00f3\/ passional que el nad\u00f3 sent l&#8217;amor\/ intens de la mare, per\u00f2 aquesta \u00e9s\/ la ra\u00f3 per la qual quan sigui gran\/ sentir\u00e0 una nost\u00e0lgia estranya\/ -torbadora per irrecognoscible-\/ d&#8217;aquell exc\u00e9s de manyagues i plers\/ experimentats en primers contactes.\/ El desassossec l&#8217;envair\u00e0 davant\/ la idea que [&hellip;]<\/p>\n","protected":false},"author":2,"featured_media":1171,"comment_status":"closed","ping_status":"closed","template":"","meta":{"_et_pb_use_builder":"on","_et_pb_old_content":"<p>Editat per Emboscall dins de la col\u00b7lecci\u00f3 Prima Materia (versi\u00f3 on line i format digital EPUB), amb pr\u00f2leg de Miquel-Llu\u00eds Muntan\u00e9 i pintures de (Lola Sandoval). El temps que t'ha estat concedit \u00e9s tan breu que, tan aviat com hagis perdut un segon, haur\u00e0s perdut tota la teva vida, doncs aquesta no \u00e9s m\u00e9s que aix\u00f2: \u00e9s sempre tan llarga com el temps que perds (Kafka).<\/p><p><a class=\"aligncenter ico_pdf\" href=\"https:\/\/manelqueralt.net\/wp-content\/uploads\/2015\/02\/ico_download_book.png\"><img src=\"https:\/\/manelqueralt.net\/wp-content\/uploads\/2015\/02\/ico_download_book.png\" alt=\"Bajar libro\" width=\"100\" height=\"100\" \/><br \/> descarregar el llibre<\/a><\/p><h3>ALGUNS POEMES<\/h3><p>27<br \/> \u00a8\u00a8\u00a8\u00a8\u00a8\u00a8\u00a8\u00a8\u00a8\u00a8\u00a8\u00a8\u00a8\u00a8\u00a8\u00a8\u00a8\u00a8\u00a8\u00a8\u00a8\u00a8\u00a8\u00a8\u00a8\u00a8\u00a8\u00a8\u00a8<br \/> \u00c9s gr\u00e0cies a una relaci\u00f3<br \/> passional que el nad\u00f3 sent l'amor<br \/> intens de la mare, per\u00f2 aquesta \u00e9s<br \/> la ra\u00f3 per la qual quan sigui gran<br \/> sentir\u00e0 una nost\u00e0lgia estranya<br \/> \"torbadora per irrecognoscible\"<br \/> d'aquell exc\u00e9s de manyagues i plers<br \/> experimentats en primers contactes.<br \/> El desassossec l'envair\u00e0 davant<br \/> la idea que en reviure lligams<br \/> similars podria tornar a sentir<br \/> el dolor que la passi\u00f3 impos\u00e0<br \/> en l'instant de la separaci\u00f3.<br \/> Aquell sentiment dif\u00fas de mancan\u00e7a,<br \/> enquistat en l'ess\u00e8ncia del viure,<br \/> es far\u00e0 punyent amb el pas del temps<br \/> i a partir d'un dia indeterminat,<br \/> i gaireb\u00e9 de forma imperceptible,<br \/> esdevindr\u00e0, d'amor, un etern captaire.<br \/> \u00a8\u00a8\u00a8\u00a8\u00a8\u00a8\u00a8\u00a8\u00a8\u00a8\u00a8\u00a8\u00a8\u00a8\u00a8\u00a8\u00a8\u00a8\u00a8\u00a8\u00a8\u00a8\u00a8\u00a8\u00a8\u00a8\u00a8\u00a8\u00a8<\/p><p>07<br \/> \u00a8\u00a8\u00a8\u00a8\u00a8\u00a8\u00a8\u00a8\u00a8\u00a8\u00a8\u00a8\u00a8\u00a8\u00a8\u00a8\u00a8\u00a8\u00a8\u00a8\u00a8\u00a8\u00a8\u00a8\u00a8\u00a8\u00a8\u00a8\u00a8<br \/> Una urpada dins la tempesta obscura<br \/> esquin\u00e7a la negror d'aquest seu temps.<br \/> Tensi\u00f3 entre cos i n\u00favols, un llamp<br \/> fendeix l'aire i cruix de pur sofriment.<br \/> Calafat per un cel que esputa brea,<br \/> sol a l'erm i a aixopluc de si mateix,<br \/> dilu\u00eft s'integra al desert paisatge:<br \/> trista mim\u00e8tica dins el no-res.<br \/> \u00a8\u00a8\u00a8\u00a8\u00a8\u00a8\u00a8\u00a8\u00a8\u00a8\u00a8\u00a8\u00a8\u00a8\u00a8\u00a8\u00a8\u00a8\u00a8\u00a8\u00a8\u00a8\u00a8\u00a8\u00a8\u00a8\u00a8\u00a8\u00a8<\/p>","_et_gb_content_width":"","footnotes":""},"project_category":[67,24],"project_tag":[],"class_list":["post-1168","project","type-project","status-publish","has-post-thumbnail","hentry","project_category-catalan-book","project_category-catalan-books"],"_links":{"self":[{"href":"https:\/\/manelqueralt.net\/en\/wp-json\/wp\/v2\/project\/1168"}],"collection":[{"href":"https:\/\/manelqueralt.net\/en\/wp-json\/wp\/v2\/project"}],"about":[{"href":"https:\/\/manelqueralt.net\/en\/wp-json\/wp\/v2\/types\/project"}],"author":[{"embeddable":true,"href":"https:\/\/manelqueralt.net\/en\/wp-json\/wp\/v2\/users\/2"}],"replies":[{"embeddable":true,"href":"https:\/\/manelqueralt.net\/en\/wp-json\/wp\/v2\/comments?post=1168"}],"version-history":[{"count":9,"href":"https:\/\/manelqueralt.net\/en\/wp-json\/wp\/v2\/project\/1168\/revisions"}],"predecessor-version":[{"id":2265,"href":"https:\/\/manelqueralt.net\/en\/wp-json\/wp\/v2\/project\/1168\/revisions\/2265"}],"wp:featuredmedia":[{"embeddable":true,"href":"https:\/\/manelqueralt.net\/en\/wp-json\/wp\/v2\/media\/1171"}],"wp:attachment":[{"href":"https:\/\/manelqueralt.net\/en\/wp-json\/wp\/v2\/media?parent=1168"}],"wp:term":[{"taxonomy":"project_category","embeddable":true,"href":"https:\/\/manelqueralt.net\/en\/wp-json\/wp\/v2\/project_category?post=1168"},{"taxonomy":"project_tag","embeddable":true,"href":"https:\/\/manelqueralt.net\/en\/wp-json\/wp\/v2\/project_tag?post=1168"}],"curies":[{"name":"wp","href":"https:\/\/api.w.org\/{rel}","templated":true}]}}