{"id":1255,"date":"2014-10-05T20:24:07","date_gmt":"2014-10-05T20:24:07","guid":{"rendered":"https:\/\/manelqueralt.net\/?post_type=project&#038;p=1255"},"modified":"2023-12-13T20:57:45","modified_gmt":"2023-12-13T19:57:45","slug":"vacu-lesser-sofrent-3","status":"publish","type":"project","link":"https:\/\/manelqueralt.net\/en\/project\/vacu-lesser-sofrent-3\/","title":{"rendered":"Vacu, l\u00b4\u00e9sser sofrent"},"content":{"rendered":"<p>[et_pb_section fullwidth=&#8221;off&#8221; specialty=&#8221;off&#8221;][et_pb_row][et_pb_column type=&#8221;2_3&#8243;][et_pb_text admin_label=&#8221;Text&#8221; background_layout=&#8221;light&#8221; text_orientation=&#8221;left&#8221;]<\/p>\n<h2>Vacu, l&#8217;\u00e9sser sofrent<\/h2>\n<p>[\/et_pb_text][et_pb_image admin_label=&#8221;Image&#8221; src=&#8221;https:\/\/manelqueralt.net\/wp-content\/uploads\/2015\/04\/Vacu_Escala_03.jpg&#8221; alt=&#8221;Escales de caragol&#8221; show_in_lightbox=&#8221;on&#8221; url_new_window=&#8221;off&#8221; animation=&#8221;off&#8221; sticky=&#8221;off&#8221; title_text=&#8221;Escales de caragol&#8221; \/][et_pb_text admin_label=&#8221;Text&#8221; background_layout=&#8221;light&#8221; text_orientation=&#8221;left&#8221; \/][et_pb_testimonial admin_label=&#8221;Testimonial&#8221; url_new_window=&#8221;on&#8221; quote_icon=&#8221;on&#8221; use_background_color=&#8221;on&#8221; background_color=&#8221;#f5f5f5&#8243; background_layout=&#8221;light&#8221; text_orientation=&#8221;center&#8221;]<\/p>\n<p style=\"text-align: center;\">(from catalan prologue)<\/p>\n<p style=\"text-align: center;\">&#8220;En la poesia de Queralt, el sofriment esdev\u00e9 la clau de volta de l&#8217;exist\u00e8ncia humana. El poeta es pregunta, qu\u00e8 \u00e9s el que justifica l&#8217;exist\u00e8ncia, per quina ra\u00f3 el protagonista, Vacu, desitja seguir essent, lluitar per romandre en l&#8217;\u00e9sser. Vacu \u00e9s l&#8217;arquetip de l&#8217;home que s&#8217;enfronta responsablement a la seva vacu\u00eftat i, en lloc de sortir per la tangent, cerca, desesperadament, una ra\u00f3 que justifiqui la seva exist\u00e8ncia i que l&#8217;empari de la temptaci\u00f3 nihilista. Queralt posa al bell mig del poema la pregunta filos\u00f2fica per definici\u00f3: qu\u00e8 \u00e9s el que fa que la vida mereixi ser viscuda?&#8221;<\/p>\n<p style=\"text-align: center;\"><a href=\"http:\/\/www.francesctorralba.com\/\" target=\"_blank\" rel=\"noopener\">Francesc Torralba Rosell\u00f3<\/a><\/p>\n<p>[\/et_pb_testimonial][et_pb_blurb admin_label=&#8221;Blurb&#8221; title=&#8221;Read online PDF&#8221; url_new_window=&#8221;on&#8221; use_icon=&#8221;on&#8221; font_icon=&#8221;\ue086&#8221; icon_color=&#8221;#ffffff&#8221; use_circle=&#8221;on&#8221; circle_color=&#8221;#8c4600&#8243; use_circle_border=&#8221;off&#8221; circle_border_color=&#8221;#8c4600&#8243; icon_placement=&#8221;top&#8221; animation=&#8221;top&#8221; background_layout=&#8221;light&#8221; text_orientation=&#8221;center&#8221; url=&#8221;https:\/\/manelqueralt.net\/wp-content\/uploads\/2018\/03\/WEB_Emboscall_Biblioteca_MQ_CAT_05_Vacu.pdf&#8221;]in Catalan[\/et_pb_blurb][et_pb_text admin_label=&#8221;Text&#8221; background_layout=&#8221;light&#8221; text_orientation=&#8221;left&#8221; \/][et_pb_text admin_label=&#8221;Text&#8221; background_layout=&#8221;light&#8221; text_orientation=&#8221;left&#8221;]<iframe loading=\"lazy\" src=\"https:\/\/www.youtube.com\/embed\/zbt38G5QykE?feature=player_detailpage&#038;rel=0\" width=\"640\" height=\"360\" frameborder=\"0\" allowfullscreen=\"allowfullscreen\"><\/iframe><\/p>\n<p><strong>Calidoscopi<\/strong> <a href=\"http:\/\/programes.laxarxa.com\/audio\/35287\" target=\"_blank\" rel=\"noopener\">Manel Queralt\/Joan Margarit 20\/10\/2012<\/a><br \/>\nEl v\u00eddeo \u00e9s un fragment extret de l&#8217;adaptaci\u00f3 del llibre de poesia <em>Vacu, l&#8217;\u00e9sser sofrent<\/em> de Manel Queralt<br \/>\nal programa de r\u00e0dio Calidoscopi de poesia i m\u00fasica contempor\u00e0nia dirigit per <a href=\"http:\/\/ca.wikipedia.org\/wiki\/Llu%C3%ADs_Marras%C3%A9_i_Meler\" target=\"_blank\" rel=\"noopener\">Llu\u00eds Marras\u00e9<\/a>.[\/et_pb_text][\/et_pb_column][et_pb_column type=&#8221;1_3&#8243;][et_pb_sidebar admin_label=&#8221;Sidebar&#8221; orientation=&#8221;left&#8221; area=&#8221;et_pb_widget_area_3&#8243; background_layout=&#8221;light&#8221; \/][\/et_pb_column][\/et_pb_row][et_pb_row][et_pb_column type=&#8221;1_3&#8243;][\/et_pb_column][et_pb_column type=&#8221;1_3&#8243;][\/et_pb_column][et_pb_column type=&#8221;1_3&#8243;][\/et_pb_column][\/et_pb_row][\/et_pb_section]<\/p>\n","protected":false},"excerpt":{"rendered":"<p><div class=\"et_pb_row et_pb_row_0 et_pb_row_empty\">\n\t\t\t\t\n\t\t\t\t\n\t\t\t\t\n\t\t\t\t\n\t\t\t\t\n\t\t\t<\/div> Vacu, l&#8217;\u00e9sser sofrent (from catalan prologue)&#8221;En la poesia de Queralt, el sofriment esdev\u00e9 la clau de volta de l&#8217;exist\u00e8ncia humana. El poeta es pregunta, qu\u00e8 \u00e9s el que justifica l&#8217;exist\u00e8ncia, per quina ra\u00f3 el protagonista, Vacu, desitja seguir essent, lluitar per romandre en l&#8217;\u00e9sser. Vacu \u00e9s l&#8217;arquetip de l&#8217;home que s&#8217;enfronta responsablement a la [&hellip;]<\/p>\n","protected":false},"author":2,"featured_media":1260,"comment_status":"closed","ping_status":"closed","template":"","meta":{"_et_pb_use_builder":"on","_et_pb_old_content":"","_et_gb_content_width":"","footnotes":""},"project_category":[67,24,63],"project_tag":[],"class_list":["post-1255","project","type-project","status-publish","has-post-thumbnail","hentry","project_category-catalan-book","project_category-catalan-books","project_category-featured"],"_links":{"self":[{"href":"https:\/\/manelqueralt.net\/en\/wp-json\/wp\/v2\/project\/1255"}],"collection":[{"href":"https:\/\/manelqueralt.net\/en\/wp-json\/wp\/v2\/project"}],"about":[{"href":"https:\/\/manelqueralt.net\/en\/wp-json\/wp\/v2\/types\/project"}],"author":[{"embeddable":true,"href":"https:\/\/manelqueralt.net\/en\/wp-json\/wp\/v2\/users\/2"}],"replies":[{"embeddable":true,"href":"https:\/\/manelqueralt.net\/en\/wp-json\/wp\/v2\/comments?post=1255"}],"version-history":[{"count":9,"href":"https:\/\/manelqueralt.net\/en\/wp-json\/wp\/v2\/project\/1255\/revisions"}],"predecessor-version":[{"id":2860,"href":"https:\/\/manelqueralt.net\/en\/wp-json\/wp\/v2\/project\/1255\/revisions\/2860"}],"wp:featuredmedia":[{"embeddable":true,"href":"https:\/\/manelqueralt.net\/en\/wp-json\/wp\/v2\/media\/1260"}],"wp:attachment":[{"href":"https:\/\/manelqueralt.net\/en\/wp-json\/wp\/v2\/media?parent=1255"}],"wp:term":[{"taxonomy":"project_category","embeddable":true,"href":"https:\/\/manelqueralt.net\/en\/wp-json\/wp\/v2\/project_category?post=1255"},{"taxonomy":"project_tag","embeddable":true,"href":"https:\/\/manelqueralt.net\/en\/wp-json\/wp\/v2\/project_tag?post=1255"}],"curies":[{"name":"wp","href":"https:\/\/api.w.org\/{rel}","templated":true}]}}