{"id":1192,"date":"2014-10-10T20:11:39","date_gmt":"2014-10-10T20:11:39","guid":{"rendered":"https:\/\/manelqueralt.net\/?post_type=project&#038;p=1192"},"modified":"2023-12-13T20:46:28","modified_gmt":"2023-12-13T19:46:28","slug":"a-furt-obra-poetica-1990-2006-2","status":"publish","type":"project","link":"https:\/\/manelqueralt.net\/es\/project\/a-furt-obra-poetica-1990-2006-2\/","title":{"rendered":"A furt &#8211; Obra po\u00e8tica 1990-2006"},"content":{"rendered":"<p>[et_pb_section fullwidth=\u00bboff\u00bb specialty=\u00bboff\u00bb][et_pb_row][et_pb_column type=\u00bb2_3&#8243;][et_pb_text admin_label=\u00bbText\u00bb background_layout=\u00bblight\u00bb text_orientation=\u00bbleft\u00bb]<\/p>\n<h2>A furt. Obra po\u00e8tica 1990-2006<\/h2>\n<p>[\/et_pb_text][et_pb_image admin_label=\u00bbImage\u00bb src=\u00bbhttps:\/\/manelqueralt.net\/wp-content\/uploads\/2015\/02\/imagen_furt1.jpg\u00bb alt=\u00bbDibuix d&#8217;Enric Huguet Arias\u00bb show_in_lightbox=\u00bbon\u00bb url_new_window=\u00bboff\u00bb animation=\u00bbfade_in\u00bb sticky=\u00bboff\u00bb title_text=\u00bbDibuix d&#8217;Enric Huguet Arias\u00bb \/][et_pb_text admin_label=\u00bbText\u00bb background_layout=\u00bblight\u00bb text_orientation=\u00bbleft\u00bb]Obra po\u00e9tica en catal\u00e1n desde 1990 a 2006.<a title=\"Xiscle\" href=\"https:\/\/manelqueralt.net\/project\/xiscle\/\" target=\"_blank\" rel=\"noopener\"><em> Xiscle <\/em><\/a>(1990), <a title=\"Ena menys una\" href=\"https:\/\/manelqueralt.net\/project\/ena-menys-una\/\" target=\"_blank\" rel=\"noopener\"><em>Ena menys una<\/em><\/a> (1992), <a title=\"Druda\" href=\"https:\/\/manelqueralt.net\/project\/druda\/\" target=\"_blank\" rel=\"noopener\"><em>Druda<\/em><\/a> (1995), <a title=\"Trit\" href=\"https:\/\/manelqueralt.net\/project\/trit\/\" target=\"_blank\" rel=\"noopener\"><i>Trit<\/i><\/a> (2000), <a title=\"Miserere\" href=\"https:\/\/manelqueralt.net\/project\/miserere\/\" target=\"_blank\" rel=\"noopener\"><em>Miserere<\/em><\/a> (2004), <a title=\"Vacu, l\u00b4\u00e9sser sofrent\" href=\"https:\/\/manelqueralt.net\/project\/vacu\/\" target=\"_blank\" rel=\"noopener\"><i>Vacu, <\/i><em>l&#8217;\u00e9sser sofrent <\/em><\/a>(2004),\u00a0<a title=\"Nicis\" href=\"https:\/\/manelqueralt.net\/project\/nicis\/\" target=\"_blank\" rel=\"noopener\"><em>Nicis<\/em><\/a> (2005),\u00a0<a title=\"Ecs, perpetuum mobile\" href=\"https:\/\/manelqueralt.net\/project\/ecs-perpetuum-mobile\/\" target=\"_blank\" rel=\"noopener\"><em>Ecs, perpetuum mobile<\/em><\/a>\u00a0(2007) i <a title=\"Atziacs\" href=\"https:\/\/manelqueralt.net\/project\/atziacs-2\/\" target=\"_blank\" rel=\"noopener\"><em>Atziacs<\/em><\/a> (2007). Publicado por <a href=\"http:\/\/www.emboscall.com\/\" target=\"_blank\" rel=\"noopener\">Emboscall<\/a>, dentro de la colecci\u00f3n Nova Carpeta. Contiene un magn\u00edfico ensayo del fil\u00f3sofo y escritor\u00a0<a href=\"http:\/\/www.emboscall.com\/autors\/dani_casas\/dani_casas.htm\" target=\"_blank\" rel=\"noopener\">Daniel Casas Llim\u00f3s<\/a><strong>\u00a0<\/strong>(Art\u00e9s, 1961 \u2013 Manresa, 2010) y ilustraciones d&#8217;<strong>Enric Huguet Arias<\/strong>.[\/et_pb_text][et_pb_testimonial admin_label=\u00bbTestimonial\u00bb url_new_window=\u00bbon\u00bb quote_icon=\u00bbon\u00bb use_background_color=\u00bbon\u00bb background_color=\u00bb#f5f5f5&#8243; background_layout=\u00bblight\u00bb text_orientation=\u00bbcenter\u00bb author=\u00bbDaniel Casas i Llim\u00f3s (Art\u00e9s, 1961 \u2013 Manresa, 2010)\u00bb job_title=\u00bbFil\u00f3sofo y escritor\u00bb]<\/p>\n<p>\u201c&#8230;no se limita a dejar que sus versos, su palabra po\u00e9tica, expresen espont\u00e1neamente y irreflexiva sus sentimientos y su visi\u00f3n del mundo en el que vivimos, sino que emplea estas palabras de siempre (met\u00e1foras, im\u00e1genes, recursos utilizados por los poetas), para recorrer e iluminar todos los rincones de la existencia con el \u00e1nimo de mostrarnos su dial\u00e9ctica, los movimientos tortuosos del individuo de hoy, su desaz\u00f3n, dentro de un mundo tan complejo.\u201d<\/p>\n<p>[\/et_pb_testimonial][et_pb_blurb admin_label=\u00bbBlurb\u00bb title=\u00bbLeer en l\u00ednea PDF\u00bb url_new_window=\u00bbon\u00bb use_icon=\u00bbon\u00bb font_icon=\u00bb\ue086\u00bb icon_color=\u00bb#ffffff\u00bb use_circle=\u00bbon\u00bb circle_color=\u00bb#8c4600&#8243; use_circle_border=\u00bboff\u00bb circle_border_color=\u00bb#8c4600&#8243; icon_placement=\u00bbtop\u00bb animation=\u00bbtop\u00bb background_layout=\u00bblight\u00bb text_orientation=\u00bbcenter\u00bb url=\u00bbhttps:\/\/manelqueralt.net\/wp-content\/uploads\/2015\/11\/MQ_Vacu_Ensayo_Queralt_a_la_luz_de_la_filosofia.pdf\u00bb]<\/p>\n<p style=\"text-align: center;\">Ensayo<br \/>\n\u00abQueralt a la luz de la poes\u00eda\u00bb<\/p>\n<p>[\/et_pb_blurb][et_pb_text admin_label=\u00bbText\u00bb background_layout=\u00bblight\u00bb text_orientation=\u00bbleft\u00bb \/][\/et_pb_column][et_pb_column type=\u00bb1_3&#8243;][et_pb_sidebar admin_label=\u00bbSidebar\u00bb orientation=\u00bbleft\u00bb area=\u00bbet_pb_widget_area_4&#8243; background_layout=\u00bblight\u00bb \/][\/et_pb_column][\/et_pb_row][et_pb_row][et_pb_column type=\u00bb1_3&#8243;][\/et_pb_column][et_pb_column type=\u00bb1_3&#8243;][\/et_pb_column][et_pb_column type=\u00bb1_3&#8243;][\/et_pb_column][\/et_pb_row][\/et_pb_section]<\/p>\n","protected":false},"excerpt":{"rendered":"<p><div class=\"et_pb_row et_pb_row_0 et_pb_row_empty\">\n\t\t\t\t\n\t\t\t\t\n\t\t\t\t\n\t\t\t\t\n\t\t\t\t\n\t\t\t<\/div> A furt. Obra po\u00e8tica 1990-2006 Obra po\u00e9tica en catal\u00e1n desde 1990 a 2006. Xiscle (1990), Ena menys una (1992), Druda (1995), Trit (2000), Miserere (2004), Vacu, l&#8217;\u00e9sser sofrent (2004),\u00a0Nicis (2005),\u00a0Ecs, perpetuum mobile\u00a0(2007) i Atziacs (2007). Publicado por Emboscall, dentro de la colecci\u00f3n Nova Carpeta. Contiene un magn\u00edfico ensayo del fil\u00f3sofo y escritor\u00a0Daniel Casas Llim\u00f3s\u00a0(Art\u00e9s, [&hellip;]<\/p>\n","protected":false},"author":2,"featured_media":1194,"comment_status":"closed","ping_status":"closed","template":"","meta":{"_et_pb_use_builder":"on","_et_pb_old_content":"<em>Xiscle <\/em>(1990), <em>Ena menys una<\/em> (1992), <em>Druda<\/em> (1995), <i>Trit<\/i> (2000), <em>Miserere<\/em> (2004), <i>Vacu, <\/i><em>l\u00b4\u00e9sser sofrent <\/em>(2004) i <em>Nicis<\/em> (2005). A m\u00e9s, se n'hi afegeixen dos d\u00b4in\u00e8dits: <em>Ecs, perpetuum mobile<\/em> i <em>Atziacs<\/em>. Publicat per: editorial Emboscall, dins de la col\u00b7lecci\u00f3 Nova Carpeta, cont\u00e9 un assaig de <strong>Daniel Casas Llim\u00f3s<\/strong> i il\u00b7lustracions d'<strong>Enric Huguet Arias<\/strong>.","_et_gb_content_width":"","footnotes":""},"project_category":[66,23],"project_tag":[],"class_list":["post-1192","project","type-project","status-publish","has-post-thumbnail","hentry","project_category-libro-catalan","project_category-libros-catalan"],"_links":{"self":[{"href":"https:\/\/manelqueralt.net\/es\/wp-json\/wp\/v2\/project\/1192"}],"collection":[{"href":"https:\/\/manelqueralt.net\/es\/wp-json\/wp\/v2\/project"}],"about":[{"href":"https:\/\/manelqueralt.net\/es\/wp-json\/wp\/v2\/types\/project"}],"author":[{"embeddable":true,"href":"https:\/\/manelqueralt.net\/es\/wp-json\/wp\/v2\/users\/2"}],"replies":[{"embeddable":true,"href":"https:\/\/manelqueralt.net\/es\/wp-json\/wp\/v2\/comments?post=1192"}],"version-history":[{"count":18,"href":"https:\/\/manelqueralt.net\/es\/wp-json\/wp\/v2\/project\/1192\/revisions"}],"predecessor-version":[{"id":2273,"href":"https:\/\/manelqueralt.net\/es\/wp-json\/wp\/v2\/project\/1192\/revisions\/2273"}],"wp:featuredmedia":[{"embeddable":true,"href":"https:\/\/manelqueralt.net\/es\/wp-json\/wp\/v2\/media\/1194"}],"wp:attachment":[{"href":"https:\/\/manelqueralt.net\/es\/wp-json\/wp\/v2\/media?parent=1192"}],"wp:term":[{"taxonomy":"project_category","embeddable":true,"href":"https:\/\/manelqueralt.net\/es\/wp-json\/wp\/v2\/project_category?post=1192"},{"taxonomy":"project_tag","embeddable":true,"href":"https:\/\/manelqueralt.net\/es\/wp-json\/wp\/v2\/project_tag?post=1192"}],"curies":[{"name":"wp","href":"https:\/\/api.w.org\/{rel}","templated":true}]}}