{"id":1283,"date":"2014-10-01T20:31:21","date_gmt":"2014-10-01T20:31:21","guid":{"rendered":"https:\/\/manelqueralt.net\/?post_type=project&#038;p=1283"},"modified":"2023-12-13T20:52:22","modified_gmt":"2023-12-13T19:52:22","slug":"xiscle-2","status":"publish","type":"project","link":"https:\/\/manelqueralt.net\/es\/project\/xiscle-2\/","title":{"rendered":"Xiscle"},"content":{"rendered":"<p>[et_pb_section bb_built=\u00bb1&#8243; fullwidth=\u00bboff\u00bb specialty=\u00bboff\u00bb inner_width=\u00bbauto\u00bb inner_max_width=\u00bb1080px\u00bb][et_pb_row][et_pb_column type=\u00bb2_3&#8243; custom_padding__hover=\u00bb|||\u00bb custom_padding=\u00bb|||\u00bb][et_pb_text background_layout=\u00bblight\u00bb text_orientation=\u00bbleft\u00bb background_position=\u00bbtop_left\u00bb background_repeat=\u00bbrepeat\u00bb background_size=\u00bbinitial\u00bb]<\/p>\n<h2>Xiscle<\/h2>\n<p>[\/et_pb_text][et_pb_image src=\u00bbhttps:\/\/manelqueralt.net\/wp-content\/uploads\/2015\/02\/imagen_chillido1.jpg\u00bb alt=\u00bbFoto de Wilson Hsu. La imagen corresponde a una historia que se desarrolla despu\u00e9s de que una de las golondrinas resulta fatalmente herida. Su compa\u00f1era permanece cerca entreg\u00e1ndole alimentos o agua y tratando de evitar desesperadamente que muera\u00bb show_in_lightbox=\u00bbon\u00bb url_new_window=\u00bbon\u00bb animation=\u00bboff\u00bb sticky=\u00bboff\u00bb title_text=\u00bbFoto de Wilson Hsu. La imagen corresponde a una historia que se desarrolla despu\u00e9s de que una de las golondrinas resulta fatalmente herida. Su compa\u00f1era permanece cerca entreg\u00e1ndole alimentos o agua y tratando de evitar desesperadamente que muera\u00bb animation_style=\u00bbnone\u00bb animation_duration=\u00bb1000ms\u00bb animation_intensity_slide=\u00bb50%\u00bb show_bottom_space=\u00bbon\u00bb align_last_edited=\u00bbon|desktop\u00bb align_tablet=\u00bbcenter\u00bb \/][et_pb_text background_layout=\u00bblight\u00bb text_orientation=\u00bbleft\u00bb background_position=\u00bbtop_left\u00bb background_repeat=\u00bbrepeat\u00bb background_size=\u00bbinitial\u00bb]<\/p>\n<p>Primera edici\u00f3n del libro de poemas Xiscle (1990, Columna Edicions) con pr\u00f3logo de <a title=\"David Castillo\" href=\"http:\/\/ca.wikipedia.org\/wiki\/David_Castillo_i_Bu%C3%AFls\" target=\"_blank\" rel=\"noopener\"><span style=\"text-decoration: underline;\">David Castillo<\/span><\/a>, composici\u00f3n de la portada realizada por <strong>Victoria Madrigal<\/strong>. Segunda edici\u00f3n en catal\u00e1n publicada en A furt \u2013 Obra po\u00e8tica 1990-2006 (2007, Emboscall).<\/p>\n<p>[\/et_pb_text][et_pb_testimonial url_new_window=\u00bbon\u00bb quote_icon=\u00bbon\u00bb use_background_color=\u00bbon\u00bb background_color=\u00bb#f5f5f5&#8243; background_layout=\u00bblight\u00bb text_orientation=\u00bbcenter\u00bb background_position=\u00bbtop_left\u00bb background_repeat=\u00bbrepeat\u00bb background_size=\u00bbinitial\u00bb]<\/p>\n<p style=\"text-align: center;\">(<strong>Versos en Catal\u00e1n<\/strong>)<\/p>\n<p style=\"text-align: center;\"><em>\u00abEls teus ulls s\u00f3n paraules estripades\/ que descobreixen rovells ennegrits\/ en la solitud de les hores blanques\/ sobre la taula ban\u00fas d\u2019un desig.\/ Amb els llimacs cosits a les parpelles\/ plores la tardor dels somnis ferits\/ i et rius de les esc\u00e0poles tardances.\/ Quan al paper no t\u2019escric ets oblit.\u00bb<\/em><\/p>\n<p>[\/et_pb_testimonial][et_pb_text background_layout=\u00bblight\u00bb text_orientation=\u00bbleft\u00bb background_position=\u00bbtop_left\u00bb background_repeat=\u00bbrepeat\u00bb background_size=\u00bbinitial\u00bb]<\/p>\n<p>\u00abOmbrosa ya no existe. Mirando el cielo tan limpio, me pregunto si realmente ha existido. Aquella fronda de ramas y hojas (&#8230;) era un bordado hecho sobre nada que se parece a este hilo de tinta (&#8230;) lleno de borrones, de correcciones, de desviaciones nerviosas, de manchas, de lagunas&#8230;\u00bb\u00a0<a href=\"http:\/\/es.wikipedia.org\/wiki\/Italo_Calvino\" target=\"_blank\" rel=\"noopener\">Italo Calvino<\/a><\/p>\n<p>[\/et_pb_text][et_pb_blurb title=\u00bbLeer en l\u00ednea PDF\u00bb url_new_window=\u00bbon\u00bb use_icon=\u00bbon\u00bb font_icon=\u00bb&#xe086;||divi||400&#8243; icon_color=\u00bb#ffffff\u00bb use_circle=\u00bbon\u00bb circle_color=\u00bb#8c4600&#8243; use_circle_border=\u00bboff\u00bb circle_border_color=\u00bb#8c4600&#8243; icon_placement=\u00bbtop\u00bb animation=\u00bbtop\u00bb background_layout=\u00bblight\u00bb text_orientation=\u00bbcenter\u00bb url=\u00bbhttps:\/\/manelqueralt.net\/wp-content\/uploads\/2018\/03\/WEB_Emboscall_Biblioteca_MQ_CAT_01_Xiscle.pdf\u00bb background_position=\u00bbtop_left\u00bb background_repeat=\u00bbrepeat\u00bb background_size=\u00bbinitial\u00bb image_max_width=\u00bbnone\u00bb image_icon_width=\u00bb48px\u00bb image_icon_background_color=\u00bb#8c4600&#8243; image_icon_background_color__sticky_enabled=\u00bb#8c4600&#8243; image_icon_background_color__sticky=\u00bb#8c4600&#8243; border_radii_image=\u00bbon|100%|100%|100%|100%\u00bb image_icon_custom_padding=\u00bb25px|25px|25px|25px|false|false\u00bb]<\/p>\n<p>libro en catal\u00e1n<\/p>\n<p>[\/et_pb_blurb][et_pb_video _builder_version=\u00bb4.17.4&#8243; src=\u00bbhttps:\/\/youtu.be\/XgjEGXkpLic\u00bb background_pattern_color=\u00bbrgba(0,0,0,0.2)\u00bb background_mask_color=\u00bb#ffffff\u00bb box_shadow_horizontal_tablet=\u00bb0px\u00bb box_shadow_vertical_tablet=\u00bb0px\u00bb box_shadow_blur_tablet=\u00bb40px\u00bb box_shadow_spread_tablet=\u00bb0px\u00bb vertical_offset_tablet=\u00bb0&#8243; horizontal_offset_tablet=\u00bb0&#8243; z_index_tablet=\u00bb0&#8243; \/][\/et_pb_column][et_pb_column type=\u00bb1_3&#8243; custom_padding__hover=\u00bb|||\u00bb custom_padding=\u00bb|||\u00bb][et_pb_sidebar orientation=\u00bbleft\u00bb area=\u00bbet_pb_widget_area_4&#8243; background_layout=\u00bblight\u00bb show_border=\u00bbon\u00bb \/][\/et_pb_column][\/et_pb_row][et_pb_row][et_pb_column type=\u00bb1_3&#8243; custom_padding__hover=\u00bb|||\u00bb custom_padding=\u00bb|||\u00bb][\/et_pb_column][et_pb_column type=\u00bb1_3&#8243; custom_padding__hover=\u00bb|||\u00bb custom_padding=\u00bb|||\u00bb][\/et_pb_column][et_pb_column type=\u00bb1_3&#8243; custom_padding__hover=\u00bb|||\u00bb custom_padding=\u00bb|||\u00bb][\/et_pb_column][\/et_pb_row][\/et_pb_section]<\/p>\n","protected":false},"excerpt":{"rendered":"<p><div class=\"et_pb_row et_pb_row_0 et_pb_row_empty\">\n\t\t\t\t\n\t\t\t\t\n\t\t\t\t\n\t\t\t\t\n\t\t\t\t\n\t\t\t<\/div> Xiscle Primera edici\u00f3n del libro de poemas Xiscle (1990, Columna Edicions) con pr\u00f3logo de David Castillo, composici\u00f3n de la portada realizada por Victoria Madrigal. Segunda edici\u00f3n en catal\u00e1n publicada en A furt \u2013 Obra po\u00e8tica 1990-2006 (2007, Emboscall). (Versos en Catal\u00e1n) \u00abEls teus ulls s\u00f3n paraules estripades\/ que descobreixen rovells ennegrits\/ en la solitud [&hellip;]<\/p>\n","protected":false},"author":2,"featured_media":1235,"comment_status":"open","ping_status":"closed","template":"","meta":{"_et_pb_use_builder":"on","_et_pb_old_content":"Primera edici\u00f3 del llibre de poemes Xiscle (1990) amb <a href=\"https:\/\/manelqueralt.net\/assaig.php?id=16&urltitol=xiscle_proleg_a_la_primera_edicio\" target=\"_blank\"><span style=\"text-decoration: underline;\">pr\u00f2leg<\/span><\/a> de <a href=\"http:\/\/lletra.uoc.edu\/ca\/autor\/david-castillo\" target=\"_blank\"><span style=\"text-decoration: underline;\">David Castillo<\/span><\/a>, composici\u00f3 de la coberta feta per Vict\u00f2ria Madrigal i editat per <a href=\"http:\/\/www.columnaedicions.cat\" target=\"_blank\">Columna Edicions<\/a>, dins de la col\u00b7lecci\u00f3 de Quaderns Crema (descatalogat). <i>\"Ombrosa ja no existeix. Mirant el cel tan net, em pregunto si realment ha existit. Aquella fronda de branques i fulles (...) era un brodat fet sobre no res que s'assembla a aquest fil de tinta (...) ple d'esborralls, de correccions, de desviacions nervioses, de taques, de llacunes... \" <\/i><a href=\"http:\/\/ca.wikipedia.org\/wiki\/Italo_Calvino\" target=\"_blank\"><span style=\"text-decoration: underline;\">Italo Calvino<\/span><\/a>","_et_gb_content_width":"","footnotes":""},"project_category":[66,23],"project_tag":[],"class_list":["post-1283","project","type-project","status-publish","has-post-thumbnail","hentry","project_category-libro-catalan","project_category-libros-catalan"],"_links":{"self":[{"href":"https:\/\/manelqueralt.net\/es\/wp-json\/wp\/v2\/project\/1283"}],"collection":[{"href":"https:\/\/manelqueralt.net\/es\/wp-json\/wp\/v2\/project"}],"about":[{"href":"https:\/\/manelqueralt.net\/es\/wp-json\/wp\/v2\/types\/project"}],"author":[{"embeddable":true,"href":"https:\/\/manelqueralt.net\/es\/wp-json\/wp\/v2\/users\/2"}],"replies":[{"embeddable":true,"href":"https:\/\/manelqueralt.net\/es\/wp-json\/wp\/v2\/comments?post=1283"}],"version-history":[{"count":12,"href":"https:\/\/manelqueralt.net\/es\/wp-json\/wp\/v2\/project\/1283\/revisions"}],"predecessor-version":[{"id":2678,"href":"https:\/\/manelqueralt.net\/es\/wp-json\/wp\/v2\/project\/1283\/revisions\/2678"}],"wp:featuredmedia":[{"embeddable":true,"href":"https:\/\/manelqueralt.net\/es\/wp-json\/wp\/v2\/media\/1235"}],"wp:attachment":[{"href":"https:\/\/manelqueralt.net\/es\/wp-json\/wp\/v2\/media?parent=1283"}],"wp:term":[{"taxonomy":"project_category","embeddable":true,"href":"https:\/\/manelqueralt.net\/es\/wp-json\/wp\/v2\/project_category?post=1283"},{"taxonomy":"project_tag","embeddable":true,"href":"https:\/\/manelqueralt.net\/es\/wp-json\/wp\/v2\/project_tag?post=1283"}],"curies":[{"name":"wp","href":"https:\/\/api.w.org\/{rel}","templated":true}]}}